{"id":668,"date":"2023-07-21T13:03:46","date_gmt":"2023-07-21T16:03:46","guid":{"rendered":"https:\/\/casadapraiafilmes.com.br\/?page_id=668"},"modified":"2025-12-02T14:53:55","modified_gmt":"2025-12-02T17:53:55","slug":"sobre","status":"publish","type":"page","link":"https:\/\/casadapraiafilmes.com.br\/?page_id=668","title":{"rendered":"SOBRE"},"content":{"rendered":"<p>[et_pb_section fb_built=&#8221;1&#8243; specialty=&#8221;on&#8221; _builder_version=&#8221;4.21.0&#8243; _module_preset=&#8221;default&#8221; background_color=&#8221;#FFFFFF&#8221; custom_padding=&#8221;9px|||||&#8221; global_colors_info=&#8221;{}&#8221;][et_pb_column type=&#8221;1_2&#8243; _builder_version=&#8221;4.16&#8243; custom_padding=&#8221;|||&#8221; global_colors_info=&#8221;{}&#8221; custom_padding__hover=&#8221;|||&#8221;][dsm_perspective_image src=&#8221;https:\/\/casadapraiafilmes.com.br\/wp-content\/uploads\/2024\/06\/sobre.jpg&#8221; title_text=&#8221;sobre&#8221; show_in_lightbox=&#8221;on&#8221; _builder_version=&#8221;4.24.2&#8243; _module_preset=&#8221;default&#8221; global_colors_info=&#8221;{}&#8221;][\/dsm_perspective_image][et_pb_text _builder_version=&#8221;4.27.4&#8243; _module_preset=&#8221;default&#8221; text_font=&#8221;Montserrat||||||||&#8221; text_text_color=&#8221;#000000&#8243; text_orientation=&#8221;right&#8221; hover_enabled=&#8221;0&#8243; global_colors_info=&#8221;{}&#8221; sticky_enabled=&#8221;0&#8243;]<\/p>\n<p><span style=\"font-size: large;\"><strong>CASA DA PRAIA FILMES<\/strong><\/span><\/p>\n<p><strong>Pedro Fiuza<\/strong><br \/>Diretor, roteirista e produtor, trabalha h\u00e1 20 anos com cinema. Nascido em Natal, em 1986, estudou R\u00e1dio &amp; TV na UFRN, onde especializou-se em Cinema.<br \/>Come\u00e7ou como cineclubista, foi diretor e curador de festival de cinema e realizador de projetos de exibi\u00e7\u00e3o. J\u00e1 foi conselheiro de leis de incentivo e avaliador de editais.<br \/>\u00c9 s\u00f3cio-fundador da Casa da Praia Filmes, onde dirige, roteiriza, produz e distribui curtas e longas-metragens de fic\u00e7\u00e3o, document\u00e1rios e videoclipes. \u00c9 idealizador do Casa da Praia Lab e tamb\u00e9m atua como consultor para filmes.<br \/>Suas 31 obras pela Casa da Praia j\u00e1 circularam por mais de 250 festivais, 47 pa\u00edses e ganharam mais de 180 pr\u00eamios.<br \/>Instagram: @pedrofiuza<\/p>\n<p><strong>Mariana Hardi<\/strong><br \/>Piauiense, radicada em Natal h\u00e1 mais de 30 anos. Estudou turismo pela UERN e Jornalismo pela UFRN e desde 2009 dedica-se exclusivamente \u00e0 produ\u00e7\u00e3o e gest\u00e3o cultural, transitando pelos diversos segmentos como teatro, dan\u00e7a, m\u00fasica e editora\u00e7\u00e3o de livros. Desde 2016 integra a equipe da Casa da Praia Filmes sendo respons\u00e1vel pela gest\u00e3o administrativa e produ\u00e7\u00e3o executiva da produtora e suas obras.<br \/>Instagram: @marianahardi<\/p>\n<p><strong>Larissa Sales<\/strong><br \/>Produtora graduada em Produ\u00e7\u00e3o Cultural pelo IFRN, atua desde 2012 em projetos que ampliam o acesso \u00e0 cultura e fortalecem narrativas potiguares. No audiovisual, assina produ\u00e7\u00f5es de videoclipes, curtas-metragens, webs\u00e9ries, longas e mostras de cinema. Seu trabalho abrange desde a organiza\u00e7\u00e3o de fluxos de produ\u00e7\u00e3o at\u00e9 a gest\u00e3o de log\u00edstica e or\u00e7amento. Na Casa da Praia Filmes \u00e9 assistente de produ\u00e7\u00e3o desde 2022.<\/p>\n<p><strong>Gal Florentino<\/strong><br \/>Nasceu em 1995 em S\u00e3o Paulo e mudou-se para Natal em 2016. Formado em Comunica\u00e7\u00e3o Social pela UFRN, j\u00e1 atuou como rep\u00f3rter, redator e apresentador em ve\u00edculos de comunica\u00e7\u00e3o e projetos culturais do Rio Grande do Norte.<br \/>Na Casa da Praia Filmes, atua como assessor de comunica\u00e7\u00e3o, de imprensa e filmmaker, gerindo redes sociais e as estrat\u00e9gias de comunica\u00e7\u00e3o da produtora com o p\u00fablico e a imprensa.<br \/>Atualmente, \u00e9 p\u00f3s-graduando em M\u00eddia, Informa\u00e7\u00e3o e Cultura pela USP e presta servi\u00e7os de comunica\u00e7\u00e3o social para artistas, produtoras e projetos culturais.<br \/>Instagram: @gal.comunica<\/p>\n<p><strong>Rud\u00e1 Almeida<\/strong><br \/>Fot\u00f3grafo, pesquisador e realizador audiovisual; Graduado em Comunica\u00e7\u00e3o Social na Universidade Federal do Rio Grande do Norte (UFRN) e Mestrando no Programa de P\u00f3s-Gradua\u00e7\u00e3o em Comunica\u00e7\u00e3o e Culturas Midi\u00e1ticas na Universidade Federal da Para\u00edba (UFPB); Desde 2022 atua como distribuidor na Casa da Praia Filmes.<br \/>Instagram: @ruda.almeida<\/p>\n<p><strong>Vitor Bezerra<\/strong><br \/>Nasceu em 1985 em Mossor\u00f3, no Rio Grande do Norte, \u00e9 um dos fundadores da Casa da Praia Filmes.<br \/>Estudou Comunica\u00e7\u00e3o Social na UFRN. Especializado em design gr\u00e1fico, desempenha trabalhos com forte atua\u00e7\u00e3o na \u00e1rea cultural, constr\u00f3i identidades visuais, ilustra\u00e7\u00f5es em serigrafias, stencils artesanais e impress\u00f5es.<br \/>Instagram: @heystella<\/p>\n<p>[\/et_pb_text][\/et_pb_column][et_pb_column type=&#8221;1_2&#8243; specialty_columns=&#8221;2&#8243; _builder_version=&#8221;4.16&#8243; custom_padding=&#8221;|||&#8221; global_colors_info=&#8221;{}&#8221; custom_padding__hover=&#8221;|||&#8221;][et_pb_row_inner _builder_version=&#8221;4.21.0&#8243; _module_preset=&#8221;default&#8221; custom_padding=&#8221;25px||9px|||&#8221; global_colors_info=&#8221;{}&#8221;][et_pb_column_inner saved_specialty_column_type=&#8221;1_2&#8243; _builder_version=&#8221;4.21.0&#8243; _module_preset=&#8221;default&#8221; global_colors_info=&#8221;{}&#8221;][et_pb_text _builder_version=&#8221;4.21.0&#8243; _module_preset=&#8221;default&#8221; text_font=&#8221;Montserrat||||||||&#8221; text_text_color=&#8221;#000000&#8243; text_orientation=&#8221;right&#8221; custom_margin=&#8221;||13px|||&#8221; global_colors_info=&#8221;{}&#8221;]<\/p>\n<p style=\"text-align: left;\"><span style=\"font-size: large;\"><strong>SOBRE<\/strong><\/span><\/p>\n<p>[\/et_pb_text][et_pb_text _builder_version=&#8221;4.27.4&#8243; _module_preset=&#8221;default&#8221; text_font=&#8221;Montserrat||||||||&#8221; text_text_color=&#8221;#000000&#8243; text_font_size=&#8221;13px&#8221; text_line_height=&#8221;1.4em&#8221; header_text_color=&#8221;#000000&#8243; custom_margin=&#8221;-9px||19px|||&#8221; custom_padding=&#8221;||1px|||&#8221; hover_enabled=&#8221;0&#8243; inline_fonts=&#8221;Montserrat&#8221; global_colors_info=&#8221;{}&#8221; sticky_enabled=&#8221;0&#8243;]<\/p>\n<p>A Casa da Praia faz cinema. Seu desejo e of\u00edcio \u00e9 realizar filmes, priorizando o lado art\u00edstico e autoral. At\u00e9 2025 lan\u00e7ou 13 curtas e 01 longa.<\/p>\n<p>Foi fundada em 2011 e desde 2016 tem produzido e distribu\u00eddo obras originais de fic\u00e7\u00e3o e document\u00e1rio. S\u00e3o filmes que caminham entre o cl\u00e1ssico e o experimental, o drama e a com\u00e9dia, a fic\u00e7\u00e3o cient\u00edfica, o cinema de montagem e at\u00e9 a videodan\u00e7a, a poesia e o fotofilme. Temas de interesse t\u00eam sido o trabalho, a pol\u00edtica, o papel da m\u00eddia, a hist\u00f3ria e a mem\u00f3ria coletiva.<\/p>\n<p>Em 2016, lan\u00e7a a webs\u00e9rie de com\u00e9dia \u201cDalton\/Hebe\u201d (Rio WebFest 2018 \u2013 silver ticket).<\/p>\n<p>Em 2018, lan\u00e7a o curta documental \u201cTingo Lingo\u201d (18 festivais em 05 pa\u00edses e 02 pr\u00eamios).<\/p>\n<p>Em 2019, lan\u00e7a o longa \u201cFendas\u201d no 31\u00ba FID Marseille (e mais 24 festivais em 09 pa\u00edses e 08 pr\u00eamios). \u00c9 uma coprodu\u00e7\u00e3o independente entre produtoras brasileiras e francesa, sendo ainda o principal longa potiguar de destaque em algumas d\u00e9cadas, numa rara combina\u00e7\u00e3o para o estado de, coprodu\u00e7\u00e3o internacional e cinema de autor no formato de longa-metragem. Uma obra exitosa no circuito de festivais e de arte, exibida no MUBI e na Cinemateca Francesa, em Paris.<\/p>\n<p>Em 2020, lan\u00e7a o curta ficcional \u201cVai Melhorar\u201d no 31\u00ba Curta Kinoforum (e mais 61 festivais em 13 pa\u00edses, 40 pr\u00eamios e 13 indica\u00e7\u00f5es, incluindo Melhor Curta-metragem Fic\u00e7\u00e3o no Grande Pr\u00eamio do Cinema Brasileiro 2021 \u2013 1\u00ba semestre).<\/p>\n<p>Em 2021 lan\u00e7a o curta \u201cSideral\u201d no 74\u00ba Festival de Cannes, colocando o RN como o quinto estado brasileiro a concorrer \u00e0 Palma de Ouro na hist\u00f3ria do festival. E em 2023 integra a shortlist do 95\u00ba Oscar, na categoria de curtas Live Action. O filme tem um carreira de 130 festivais em 33 pa\u00edses e 67 pr\u00eamios.<\/p>\n<p>Em 2022, assina a distribui\u00e7\u00e3o no Brasil e Am\u00e9rica Latina do curta \u201cBig Bang\u201d, Leopardo de Ouro de Melhor Curta de Autor no 75\u00ba Festival de Locarno, atualmente exibido em 20 festivais em 12 pa\u00edses e 13 pr\u00eamios. Realiza ainda a 1\u00aa edi\u00e7\u00e3o do laborat\u00f3rio de roteiros Casa da Praia Lab.<\/p>\n<p>Em 2023 lan\u00e7a o curta documental \u201cA Edi\u00e7\u00e3o do Nordeste\u201d, sobre a constru\u00e7\u00e3o do imagin\u00e1rio da regi\u00e3o a partir do cinema com imagens de arquivo de 28 filmes nacionais, de 1938 a 1980, que estreia no 18\u00ba CineOP. Sob o mesmo tema, realiza a 2\u00aa edi\u00e7\u00e3o do seu laborat\u00f3rio de roteiros intitulado Casa da Praia LAB \u2013 Outros Nordestes.<\/p>\n<p>Em 2024 lan\u00e7a em co-produ\u00e7\u00e3o o curta \u201dEsconde-Esconde\u201d com estreia no 33\u00ba Festival de Cinema Latino-Americano de Biarritz e j\u00e1 percorreu mais de 20 festivais Brasil afora.<\/p>\n<p>Em 2025 lan\u00e7a o curta-metragem \u201cMeu Amigo Satan\u00e1s\u201d no 27\u00b0 Festival do Rio &#8211; Rio de Janeiro Int&#8217;l Film Festival e o curta \u201cKaira e o Temporal\u201d na 12\u00aa Mostra de Cinema de Gostoso. Ainda no mesmo ano, realiza a 3\u00aa edi\u00e7\u00e3o do Casa da Praia LAB, desta vez voltado para oficinas e consultorias online destinadas a residentes do estado do Rio Grande do Norte.<\/p>\n<p>Atualmente, seus principais projetos s\u00e3o os longas-metragens ficcionais \u201cO Vampiro de M\u00e3e Luiza\u201d, em fase de desenvolvimento e aprovado no programa Brasil no Set (ICAB, BRAVI, Amazon Studios e Prime Video); e \u201cA Ponte\u201d, em fase de p\u00f3s-produ\u00e7\u00e3o, que conta com Erivaldo Oliveira, Erom Cordeiro e Priscilla Vilela no elenco principal.<br \/>Ap\u00f3s uma d\u00e9cada, o objetivo da Casa da Praia \u00e9 continuar a jornada de um cinema sobre a nossa hist\u00f3ria e mem\u00f3ria de pa\u00eds, sob o olhar pol\u00edtico da arte e de um entretenimento cr\u00edtico, empregando ainda novos protagonismos. \u00c9 poder ocupar seu espa\u00e7o no cinema nacional ao passo que produz um imagin\u00e1rio brasileiro descentralizado.<\/p>\n<p>[\/et_pb_text][\/et_pb_column_inner][\/et_pb_row_inner][\/et_pb_column][\/et_pb_section]<\/p>\n","protected":false},"excerpt":{"rendered":"<p><div class=\"et_pb_module dsm_perspective_image dsm_perspective_image_0\">\n\t\t\t\t\n\t\t\t\t\n\t\t\t\t\n\t\t\t\t\n\t\t\t\t\n\t\t\t\t\n\t\t\t\t<div class=\"et_pb_module_inner\">\n\t\t\t\t\t<div class=\"dsm-perspective-image-wrapper et_always_center_on_mobile\">\n\t\t\t\t\n\t\t\t\t\n\t\t\t\t<a href=\"https:\/\/casadapraiafilmes.com.br\/wp-content\/uploads\/2024\/06\/sobre.jpg\" class=\"et_pb_lightbox_image dsm-image-lightbox\" title=\"sobre\" alt=\"\" data-mfp-src=\"https:\/\/casadapraiafilmes.com.br\/wp-content\/uploads\/2024\/06\/sobre.jpg\" data-dsm-lightbox-id=\"dsm_perspective_image_0\"><span class=\"et_pb_image_wrap \"><img decoding=\"async\" src=\"https:\/\/casadapraiafilmes.com.br\/wp-content\/uploads\/2024\/06\/sobre.jpg\" alt=\"\" title=\"sobre\" \/><\/span><\/a>\n\t\t\t<\/div>\n\t\t\t\t<\/div>\n\t\t\t<\/div>CASA DA PRAIA FILMES Pedro FiuzaDiretor, roteirista e produtor, trabalha h\u00e1 20 anos com cinema. Nascido em Natal, em 1986, estudou R\u00e1dio &amp; TV na UFRN, onde especializou-se em Cinema.Come\u00e7ou como cineclubista, foi diretor e curador de festival de cinema e realizador de projetos de exibi\u00e7\u00e3o. J\u00e1 foi conselheiro [&hellip;]<\/p>\n","protected":false},"author":1,"featured_media":0,"parent":0,"menu_order":0,"comment_status":"closed","ping_status":"closed","template":"","meta":{"_et_pb_use_builder":"on","_et_pb_old_content":"<!-- wp:paragraph -->\r\n<p>Esta \u00e9 uma p\u00e1gina de exemplo. \u00c9 diferente de um post no blog porque ela permanecer\u00e1 em um lugar e aparecer\u00e1 na navega\u00e7\u00e3o do seu site na maioria dos temas. Muitas pessoas come\u00e7am com uma p\u00e1gina que as apresenta a poss\u00edveis visitantes do site. Ela pode dizer algo assim:<\/p>\r\n<!-- \/wp:paragraph -->\r\n\r\n<!-- wp:quote -->\r\n<blockquote class=\"wp-block-quote\">\r\n<p>Ol\u00e1! Eu sou um mensageiro de bicicleta durante o dia, ator aspirante \u00e0 noite, e este \u00e9 o meu site. Eu moro em S\u00e3o Paulo, tenho um grande cachorro chamado Rex e gosto de tomar caipirinha (e banhos de chuva).<\/p>\r\n<\/blockquote>\r\n<!-- \/wp:quote -->\r\n\r\n<!-- wp:paragraph -->\r\n<p>...ou alguma coisa assim:<\/p>\r\n<!-- \/wp:paragraph -->\r\n\r\n<!-- wp:quote -->\r\n<blockquote class=\"wp-block-quote\">\r\n<p>A Companhia de Miniaturas XYZ foi fundada em 1971, e desde ent\u00e3o tem fornecido miniaturas de qualidade ao p\u00fablico. Localizada na cidade de Itu, a XYZ emprega mais de 2.000 pessoas e faz coisas grandiosas para a comunidade da cidade.<\/p>\r\n<\/blockquote>\r\n<!-- \/wp:quote -->\r\n\r\n<!-- wp:paragraph -->\r\n<p>Como um novo usu\u00e1rio do WordPress, voc\u00ea deveria ir ao <a href=\"https:\/\/casadapraiafilmes.com.br\/wp-admin\/\">painel<\/a> para excluir essa p\u00e1gina e criar novas p\u00e1ginas para o seu conte\u00fado. Divirta-se!<\/p>\r\n<!-- \/wp:paragraph -->","_et_gb_content_width":"","inline_featured_image":false,"footnotes":""},"class_list":["post-668","page","type-page","status-publish","hentry"],"_links":{"self":[{"href":"https:\/\/casadapraiafilmes.com.br\/index.php?rest_route=\/wp\/v2\/pages\/668","targetHints":{"allow":["GET"]}}],"collection":[{"href":"https:\/\/casadapraiafilmes.com.br\/index.php?rest_route=\/wp\/v2\/pages"}],"about":[{"href":"https:\/\/casadapraiafilmes.com.br\/index.php?rest_route=\/wp\/v2\/types\/page"}],"author":[{"embeddable":true,"href":"https:\/\/casadapraiafilmes.com.br\/index.php?rest_route=\/wp\/v2\/users\/1"}],"replies":[{"embeddable":true,"href":"https:\/\/casadapraiafilmes.com.br\/index.php?rest_route=%2Fwp%2Fv2%2Fcomments&post=668"}],"version-history":[{"count":1,"href":"https:\/\/casadapraiafilmes.com.br\/index.php?rest_route=\/wp\/v2\/pages\/668\/revisions"}],"predecessor-version":[{"id":4179,"href":"https:\/\/casadapraiafilmes.com.br\/index.php?rest_route=\/wp\/v2\/pages\/668\/revisions\/4179"}],"wp:attachment":[{"href":"https:\/\/casadapraiafilmes.com.br\/index.php?rest_route=%2Fwp%2Fv2%2Fmedia&parent=668"}],"curies":[{"name":"wp","href":"https:\/\/api.w.org\/{rel}","templated":true}]}}