{"id":731,"date":"2023-08-02T11:16:20","date_gmt":"2023-08-02T14:16:20","guid":{"rendered":"https:\/\/casadapraiafilmes.com.br\/?page_id=731"},"modified":"2025-12-02T14:22:14","modified_gmt":"2025-12-02T17:22:14","slug":"a-edicao-do-nordeste","status":"publish","type":"page","link":"https:\/\/casadapraiafilmes.com.br\/?page_id=731","title":{"rendered":"A EDI\u00c7\u00c3O DO NORDESTE"},"content":{"rendered":"<p>[et_pb_section fb_built=&#8221;1&#8243; specialty=&#8221;on&#8221; _builder_version=&#8221;4.21.0&#8243; _module_preset=&#8221;default&#8221; background_color=&#8221;#FFFFFF&#8221; custom_padding=&#8221;9px|||||&#8221; global_colors_info=&#8221;{}&#8221;][et_pb_column type=&#8221;1_2&#8243; _builder_version=&#8221;4.16&#8243; custom_padding=&#8221;|||&#8221; global_colors_info=&#8221;{}&#8221; custom_padding__hover=&#8221;|||&#8221;][dsm_perspective_image src=&#8221;https:\/\/casadapraiafilmes.com.br\/wp-content\/uploads\/2024\/06\/EDICAO.jpg&#8221; title_text=&#8221;EDICAO&#8221; show_in_lightbox=&#8221;on&#8221; _builder_version=&#8221;4.24.2&#8243; _module_preset=&#8221;default&#8221; global_colors_info=&#8221;{}&#8221;][\/dsm_perspective_image][\/et_pb_column][et_pb_column type=&#8221;1_2&#8243; specialty_columns=&#8221;2&#8243; _builder_version=&#8221;4.16&#8243; custom_padding=&#8221;|||&#8221; global_colors_info=&#8221;{}&#8221; custom_padding__hover=&#8221;|||&#8221;][et_pb_row_inner column_structure=&#8221;1_2,1_2&#8243; _builder_version=&#8221;4.21.0&#8243; _module_preset=&#8221;default&#8221; custom_padding=&#8221;||9px|||&#8221; global_colors_info=&#8221;{}&#8221;][et_pb_column_inner type=&#8221;1_2&#8243; saved_specialty_column_type=&#8221;1_2&#8243; _builder_version=&#8221;4.21.0&#8243; _module_preset=&#8221;default&#8221; global_colors_info=&#8221;{}&#8221;][et_pb_text _builder_version=&#8221;4.23.1&#8243; _module_preset=&#8221;default&#8221; text_text_color=&#8221;#000000&#8243; text_line_height=&#8221;1.5em&#8221; custom_margin=&#8221;||16px|||&#8221; inline_fonts=&#8221;Montserrat&#8221; global_colors_info=&#8221;{}&#8221;]<\/p>\n<p><span style=\"font-family: Montserrat; font-size: medium;\"><b>A EDI\u00c7\u00c3O DO NORDESTE<\/b><\/span><br \/><span style=\"font-family: Montserrat; font-weight: normal; font-size: small;\">2023, 20min, document\u00e1rio, Brasil<\/span><\/p>\n<p><span style=\"font-family: Montserrat; font-weight: normal; font-size: small;\"><strong>Classifica\u00e7\u00e3o indicativa:<\/strong> Aguardando Classind<\/span><br \/><strong><br \/><span style=\"font-family: Montserrat; font-size: medium;\">DIRE\u00c7\u00c3O<\/span><\/strong><br \/><span style=\"font-family: Montserrat; font-weight: normal;\">Pedro Fiuza<\/span><\/p>\n<p>[\/et_pb_text][et_pb_toggle title=&#8221;SINOPSE&#8221; open_toggle_text_color=&#8221;#000000&#8243; closed_toggle_background_color=&#8221;#FFFFFF&#8221; icon_color=&#8221;#000000&#8243; toggle_icon=&#8221;&#x22;||divi||400&#8243; open_icon_color=&#8221;#000000&#8243; _builder_version=&#8221;4.27.4&#8243; _module_preset=&#8221;default&#8221; title_text_color=&#8221;#000000&#8243; title_level=&#8221;h6&#8243; title_font=&#8221;|800|||||||&#8221; title_text_align=&#8221;left&#8221; title_font_size=&#8221;16px&#8221; title_line_height=&#8221;1.2em&#8221; body_font=&#8221;Montserrat||||||||&#8221; body_text_color=&#8221;#000000&#8243; body_font_size=&#8221;12px&#8221; body_line_height=&#8221;1.5em&#8221; custom_margin=&#8221;||-1px|-17px|false|false&#8221; custom_padding=&#8221;6px||6px|||&#8221; border_style_all=&#8221;none&#8221; inline_fonts=&#8221;Montserrat&#8221; global_colors_info=&#8221;{}&#8221;]<\/p>\n<p>Para se inventar uma regi\u00e3o \u00e9 preciso criar sua cultura, de prefer\u00eancia com ajuda do cinema. Inspirado no livro e pe\u00e7a &#8220;A Inven\u00e7\u00e3o do Nordeste&#8221;, esta \u00e9 uma reedi\u00e7\u00e3o de filmes brasileiros essenciais para a funda\u00e7\u00e3o do imagin\u00e1rio nordestino.<\/p>\n<p>[\/et_pb_toggle][et_pb_toggle title=&#8221;FESTIVAIS E PR\u00caMIOS&#8221; open_toggle_text_color=&#8221;#000000&#8243; closed_toggle_background_color=&#8221;#FFFFFF&#8221; icon_color=&#8221;#000000&#8243; toggle_icon=&#8221;&#x22;||divi||400&#8243; open_icon_color=&#8221;#000000&#8243; _builder_version=&#8221;4.27.4&#8243; _module_preset=&#8221;default&#8221; title_text_color=&#8221;#000000&#8243; title_level=&#8221;h6&#8243; title_font=&#8221;|800|||||||&#8221; title_text_align=&#8221;left&#8221; title_font_size=&#8221;16px&#8221; title_line_height=&#8221;1.2em&#8221; body_font=&#8221;Montserrat||||||||&#8221; body_text_color=&#8221;#000000&#8243; body_font_size=&#8221;12px&#8221; body_line_height=&#8221;1.5em&#8221; custom_margin=&#8221;||-1px|-17px|false|false&#8221; custom_padding=&#8221;6px||6px|||&#8221; border_style_all=&#8221;none&#8221; inline_fonts=&#8221;Montserrat&#8221; global_colors_info=&#8221;{}&#8221;]\u25c9 18\u00aa CineOP &#8211; Mostra de Cinema de Ouro Preto<br \/>\n\u25c9 25\u00ba Festival do Rio<br \/>\n\u25c9 10\u00aa Mostra de Cinema de Gostoso \u2014 Pr\u00eamio da Cr\u00edtica &#8211; Melhor Curta Metragem;<br \/>\n\u25c9 05\u00ba Cine Vera\u0303o &#8211; Festival de Cinema da Cidade do Sol \u2014 Melhor Filme; Melhor Trilha &#8211; Sonora &#8211; &#8220;Nordeste Fic\u00e7\u00e3o&#8221;, de Juliana Linhares e Melhor Montagem<br \/>\n\u25c9 29\u00ba \u00c9 Tudo Verdade &#8211; Festival Internacional de Document\u00e1rios \u2014 Pr\u00eamio Canal Brasil de Curtas;<br \/>\n\u25c9 06\u00b0 Cine Para\u00edso<br \/>\n\u25c9 33\u00ba Festival Curta Cinema &#8211; Festival Internacional de Curtas do Rio de Janeiro<br \/>\n\u25c9 03\u00ba LAB MFFP &#8211; Laborat\u00f3rio de Montagem e Finaliza\u00e7\u00e3o de Filmes Paraibanos (no Fest Aruanda)<br \/>\n\u25c9 11\u00ba Pr\u00eamio Abraccine 2023 \u2014 indica\u00e7\u00e3o Melhor Curta ou M\u00e9dia-Metragem Brasileiro \/ &#8211; Top 10 Curta ou M\u00e9dia-Metragem Brasileiro<br \/>\n\u25c9 23\u00ba Grande Pr\u00eamio do Cinema Brasileiro (2024) \u2014 indica\u00e7\u00e3o Melhor Curta-Metragem Document\u00e1rio &#8211; 1\u00ba semestre;<br \/>\n\u25c9 ACCiRN &#8211; Associa\u00e7\u00e3o de Cr\u00edticos de Cinema do RN \u2014 Melhor Filme Potiguar de 2023[\/et_pb_toggle][et_pb_toggle title=&#8221;FICHA T\u00c9CNICA&#8221; open_toggle_text_color=&#8221;#000000&#8243; closed_toggle_background_color=&#8221;#FFFFFF&#8221; icon_color=&#8221;#000000&#8243; toggle_icon=&#8221;&#x22;||divi||400&#8243; open_icon_color=&#8221;#000000&#8243; _builder_version=&#8221;4.23.1&#8243; _module_preset=&#8221;default&#8221; title_text_color=&#8221;#000000&#8243; title_level=&#8221;h6&#8243; title_font=&#8221;Montserrat|800|||||||&#8221; title_text_align=&#8221;left&#8221; title_font_size=&#8221;16px&#8221; body_font=&#8221;Montserrat||||||||&#8221; body_text_color=&#8221;#000000&#8243; body_font_size=&#8221;12px&#8221; body_line_height=&#8221;1.5em&#8221; custom_margin=&#8221;-10px|||-16px|false|false&#8221; border_style_all=&#8221;none&#8221; inline_fonts=&#8221;Montserrat&#8221; global_colors_info=&#8221;{}&#8221;]<\/p>\n<p dir=\"ltr\"><span><strong>Empresa Produtora:<\/strong> Casa da Praia Filmes<\/span><\/p>\n<p dir=\"ltr\"><span><\/span><span><strong>Roteiro e Dire\u00e7\u00e3o:<\/strong> Pedro Fiuza<br \/><\/span><span><strong><\/strong><\/span><\/p>\n<p dir=\"ltr\"><span><strong>Inspirado na Obra:<\/strong> &#8220;A Inven\u00e7\u00e3o Do Nordeste e Outras Artes&#8221; de Durval Muniz de Albuquerque J\u00fanior e no espet\u00e1culo &#8220;A Inven\u00e7\u00e3o Do Nordeste&#8221; do Grupo Carmin de Teatro.<br \/><\/span><span><strong><\/strong><\/span><\/p>\n<p dir=\"ltr\"><span><strong>Produ\u00e7\u00e3o:<\/strong> Pedro Fiuza; Mariana Hardi<br \/><\/span><span><strong><\/strong><\/span><\/p>\n<p dir=\"ltr\"><span><strong>Pesquisa:<\/strong> Pedro Fiuza; Matteus Cardoso; Henrique Fontes; Pablo Capistrano<br \/><\/span><span><strong><\/strong><\/span><\/p>\n<p dir=\"ltr\"><span><strong>Produ\u00e7\u00e3o Executiva:<\/strong> Mariana Hardi<br \/><\/span><span><strong><\/strong><\/span><\/p>\n<p dir=\"ltr\"><span><strong>Design Gr\u00e1fico:<\/strong> V\u00edtor Bezerra<br \/><\/span><span><strong><\/strong><\/span><\/p>\n<p dir=\"ltr\"><span><strong>Montagem:<\/strong> Aristeu Ara\u00fajo<br \/><\/span><span><strong><\/strong><\/span><\/p>\n<p dir=\"ltr\"><span><strong>Desenho de Som e Mixagem:<\/strong> Luiz Lepchak<br \/><\/span><span><strong><\/strong><\/span><\/p>\n<p dir=\"ltr\"><span><strong>Assist\u00eancia de Produ\u00e7\u00e3o:<\/strong> Rodolfo Holanda; Larissa Sales<br \/><\/span><span><strong><\/strong><\/span><\/p>\n<p dir=\"ltr\"><span><strong>Assist\u00eancia de Montagem:<\/strong> Ra\u00edssa Castor<br \/><\/span><span><strong><\/strong><\/span><\/p>\n<p dir=\"ltr\"><span><strong>Can\u00e7\u00e3o:<\/strong> &#8220;Nordeste Fic\u00e7\u00e3o&#8221; escrita por Juliana Linhares e Rafael Barbosa de Ara\u00fajo. Interpretada por Juliana Linhares. Fonograma gentilmente cedido por Juliana Linhares.<br \/><\/span><span><strong><\/strong><\/span><\/p>\n<p dir=\"ltr\"><span><strong>Tradu\u00e7\u00e3o em Ingl\u00eas:<\/strong> Luiz Paulo Soares Ferraz<\/span><\/p>\n<div>\n<div dir=\"ltr\" class=\"gmail_signature\" data-smartmail=\"gmail_signature\">\n<div dir=\"ltr\">\n<div dir=\"ltr\">\n<div dir=\"ltr\">\n<div dir=\"ltr\">\n<div dir=\"ltr\"><\/div>\n<\/div>\n<\/div>\n<\/div>\n<\/div>\n<\/div>\n<\/div>\n<p>[\/et_pb_toggle][\/et_pb_column_inner][et_pb_column_inner type=&#8221;1_2&#8243; saved_specialty_column_type=&#8221;1_2&#8243; _builder_version=&#8221;4.21.0&#8243; _module_preset=&#8221;default&#8221; global_colors_info=&#8221;{}&#8221;][et_pb_image src=&#8221;https:\/\/casadapraiafilmes.com.br\/wp-content\/uploads\/2024\/06\/en.jpg&#8221; title_text=&#8221;en&#8221; _builder_version=&#8221;4.24.2&#8243; _module_preset=&#8221;default&#8221; width=&#8221;40%&#8221; max_width=&#8221;100%&#8221; custom_margin=&#8221;||21px|||&#8221; global_colors_info=&#8221;{}&#8221;][\/et_pb_image][et_pb_text _builder_version=&#8221;4.24.2&#8243; _module_preset=&#8221;default&#8221; text_text_color=&#8221;#000000&#8243; text_line_height=&#8221;1.5em&#8221; custom_margin=&#8221;||10px|||&#8221; inline_fonts=&#8221;Montserrat&#8221; global_colors_info=&#8221;{}&#8221;]<\/p>\n<p><span style=\"font-family: Montserrat; font-size: medium;\"><b>ASSISTA:<\/b><\/span><\/p>\n<p>[\/et_pb_text][dsm_button button_one_text=&#8221;Trailer&#8221; button_one_url=&#8221;https:\/\/youtu.be\/arqNroMg8QU&#8221; button_one_video_popup=&#8221;on&#8221; button_alignment=&#8221;left&#8221; _builder_version=&#8221;4.27.4&#8243; _module_preset=&#8221;default&#8221; custom_button_one=&#8221;on&#8221; button_one_text_size=&#8221;16px&#8221; button_one_text_color=&#8221;#4f4f4f&#8221; button_one_bg_color=&#8221;RGBA(255,255,255,0)&#8221; button_one_border_width=&#8221;0px&#8221; button_one_border_color=&#8221;RGBA(255,255,255,0)&#8221; button_one_icon=&#8221;&#x3d;||divi||400&#8243; custom_margin=&#8221;-14px||-2px|||&#8221; custom_padding=&#8221;0px|||0px||&#8221; global_colors_info=&#8221;{}&#8221;][\/dsm_button][et_pb_image src=&#8221;https:\/\/casadapraiafilmes.com.br\/wp-content\/uploads\/2023\/06\/imdb-1.svg&#8221; title_text=&#8221;imdb&#8221; url=&#8221;https:\/\/www.imdb.com\/title\/tt28279703\/?ref_=fn_al_tt_1&#8243; url_new_window=&#8221;on&#8221; _builder_version=&#8221;4.23.1&#8243; _module_preset=&#8221;default&#8221; width=&#8221;15%&#8221; custom_margin=&#8221;||3px|16px|false|false&#8221; custom_padding=&#8221;3px||0px|||&#8221; global_colors_info=&#8221;{}&#8221;][\/et_pb_image][et_pb_image src=&#8221;https:\/\/casadapraiafilmes.com.br\/wp-content\/uploads\/2023\/06\/letterbox.svg&#8221; title_text=&#8221;letterbox&#8221; url=&#8221;https:\/\/letterboxd.com\/film\/the-editing-of-the-brazilian-northeast&#8221; url_new_window=&#8221;on&#8221; _builder_version=&#8221;4.27.4&#8243; _module_preset=&#8221;default&#8221; width=&#8221;10%&#8221; custom_margin=&#8221;1px|||19px|false|false&#8221; custom_padding=&#8221;1px||0px|||&#8221; global_colors_info=&#8221;{}&#8221;][\/et_pb_image][\/et_pb_column_inner][\/et_pb_row_inner][\/et_pb_column][\/et_pb_section]<\/p>\n","protected":false},"excerpt":{"rendered":"<p><div class=\"et_pb_module dsm_perspective_image dsm_perspective_image_0\">\n\t\t\t\t\n\t\t\t\t\n\t\t\t\t\n\t\t\t\t\n\t\t\t\t\n\t\t\t\t\n\t\t\t\t<div class=\"et_pb_module_inner\">\n\t\t\t\t\t<div class=\"dsm-perspective-image-wrapper et_always_center_on_mobile\">\n\t\t\t\t\n\t\t\t\t\n\t\t\t\t<a href=\"https:\/\/casadapraiafilmes.com.br\/wp-content\/uploads\/2024\/06\/EDICAO.jpg\" class=\"et_pb_lightbox_image dsm-image-lightbox\" title=\"EDICAO\" alt=\"\" data-mfp-src=\"https:\/\/casadapraiafilmes.com.br\/wp-content\/uploads\/2024\/06\/EDICAO.jpg\" data-dsm-lightbox-id=\"dsm_perspective_image_0\"><span class=\"et_pb_image_wrap \"><img decoding=\"async\" src=\"https:\/\/casadapraiafilmes.com.br\/wp-content\/uploads\/2024\/06\/EDICAO.jpg\" alt=\"\" title=\"EDICAO\" \/><\/span><\/a>\n\t\t\t<\/div>\n\t\t\t\t<\/div>\n\t\t\t<\/div>A EDI\u00c7\u00c3O DO NORDESTE2023, 20min, document\u00e1rio, Brasil Classifica\u00e7\u00e3o indicativa: Aguardando ClassindDIRE\u00c7\u00c3OPedro FiuzaPara se inventar uma regi\u00e3o \u00e9 preciso criar sua cultura, de prefer\u00eancia com ajuda do cinema. Inspirado no livro e pe\u00e7a &#8220;A Inven\u00e7\u00e3o do Nordeste&#8221;, esta \u00e9 uma reedi\u00e7\u00e3o de filmes brasileiros essenciais para a funda\u00e7\u00e3o do imagin\u00e1rio [&hellip;]<\/p>\n","protected":false},"author":1,"featured_media":0,"parent":0,"menu_order":0,"comment_status":"closed","ping_status":"closed","template":"","meta":{"_et_pb_use_builder":"on","_et_pb_old_content":"<!-- wp:paragraph -->\r\n<p>Esta \u00e9 uma p\u00e1gina de exemplo. \u00c9 diferente de um post no blog porque ela permanecer\u00e1 em um lugar e aparecer\u00e1 na navega\u00e7\u00e3o do seu site na maioria dos temas. Muitas pessoas come\u00e7am com uma p\u00e1gina que as apresenta a poss\u00edveis visitantes do site. Ela pode dizer algo assim:<\/p>\r\n<!-- \/wp:paragraph -->\r\n\r\n<!-- wp:quote -->\r\n<blockquote class=\"wp-block-quote\">\r\n<p>Ol\u00e1! Eu sou um mensageiro de bicicleta durante o dia, ator aspirante \u00e0 noite, e este \u00e9 o meu site. Eu moro em S\u00e3o Paulo, tenho um grande cachorro chamado Rex e gosto de tomar caipirinha (e banhos de chuva).<\/p>\r\n<\/blockquote>\r\n<!-- \/wp:quote -->\r\n\r\n<!-- wp:paragraph -->\r\n<p>...ou alguma coisa assim:<\/p>\r\n<!-- \/wp:paragraph -->\r\n\r\n<!-- wp:quote -->\r\n<blockquote class=\"wp-block-quote\">\r\n<p>A Companhia de Miniaturas XYZ foi fundada em 1971, e desde ent\u00e3o tem fornecido miniaturas de qualidade ao p\u00fablico. Localizada na cidade de Itu, a XYZ emprega mais de 2.000 pessoas e faz coisas grandiosas para a comunidade da cidade.<\/p>\r\n<\/blockquote>\r\n<!-- \/wp:quote -->\r\n\r\n<!-- wp:paragraph -->\r\n<p>Como um novo usu\u00e1rio do WordPress, voc\u00ea deveria ir ao <a href=\"https:\/\/casadapraiafilmes.com.br\/wp-admin\/\">painel<\/a> para excluir essa p\u00e1gina e criar novas p\u00e1ginas para o seu conte\u00fado. Divirta-se!<\/p>\r\n<!-- \/wp:paragraph -->","_et_gb_content_width":"","inline_featured_image":false,"footnotes":""},"class_list":["post-731","page","type-page","status-publish","hentry"],"_links":{"self":[{"href":"https:\/\/casadapraiafilmes.com.br\/index.php?rest_route=\/wp\/v2\/pages\/731","targetHints":{"allow":["GET"]}}],"collection":[{"href":"https:\/\/casadapraiafilmes.com.br\/index.php?rest_route=\/wp\/v2\/pages"}],"about":[{"href":"https:\/\/casadapraiafilmes.com.br\/index.php?rest_route=\/wp\/v2\/types\/page"}],"author":[{"embeddable":true,"href":"https:\/\/casadapraiafilmes.com.br\/index.php?rest_route=\/wp\/v2\/users\/1"}],"replies":[{"embeddable":true,"href":"https:\/\/casadapraiafilmes.com.br\/index.php?rest_route=%2Fwp%2Fv2%2Fcomments&post=731"}],"version-history":[{"count":9,"href":"https:\/\/casadapraiafilmes.com.br\/index.php?rest_route=\/wp\/v2\/pages\/731\/revisions"}],"predecessor-version":[{"id":4160,"href":"https:\/\/casadapraiafilmes.com.br\/index.php?rest_route=\/wp\/v2\/pages\/731\/revisions\/4160"}],"wp:attachment":[{"href":"https:\/\/casadapraiafilmes.com.br\/index.php?rest_route=%2Fwp%2Fv2%2Fmedia&parent=731"}],"curies":[{"name":"wp","href":"https:\/\/api.w.org\/{rel}","templated":true}]}}