{"id":740,"date":"2023-08-02T11:18:41","date_gmt":"2023-08-02T14:18:41","guid":{"rendered":"https:\/\/casadapraiafilmes.com.br\/?page_id=740"},"modified":"2025-11-12T16:05:58","modified_gmt":"2025-11-12T19:05:58","slug":"sideral-3","status":"publish","type":"page","link":"https:\/\/casadapraiafilmes.com.br\/?page_id=740","title":{"rendered":"SIDERAL"},"content":{"rendered":"<p>[et_pb_section fb_built=&#8221;1&#8243; specialty=&#8221;on&#8221; _builder_version=&#8221;4.21.0&#8243; _module_preset=&#8221;default&#8221; background_color=&#8221;#FFFFFF&#8221; custom_padding=&#8221;9px|||||&#8221; global_colors_info=&#8221;{}&#8221;][et_pb_column type=&#8221;1_2&#8243; _builder_version=&#8221;4.16&#8243; custom_padding=&#8221;|||&#8221; global_colors_info=&#8221;{}&#8221; custom_padding__hover=&#8221;|||&#8221;][dsm_perspective_image src=&#8221;https:\/\/casadapraiafilmes.com.br\/wp-content\/uploads\/2024\/07\/SIDERAL_poster_Web_HD_credit_Florent_Andrea_Jarroir-1-scaled.jpg&#8221; title_text=&#8221;SIDERAL_poster_Web_HD_credit_Florent_Andre\u0301a_Jarroir&#8221; show_in_lightbox=&#8221;on&#8221; _builder_version=&#8221;4.24.2&#8243; _module_preset=&#8221;default&#8221; global_colors_info=&#8221;{}&#8221;][\/dsm_perspective_image][\/et_pb_column][et_pb_column type=&#8221;1_2&#8243; specialty_columns=&#8221;2&#8243; _builder_version=&#8221;4.16&#8243; custom_padding=&#8221;|||&#8221; global_colors_info=&#8221;{}&#8221; custom_padding__hover=&#8221;|||&#8221;][et_pb_row_inner column_structure=&#8221;1_2,1_2&#8243; _builder_version=&#8221;4.21.0&#8243; _module_preset=&#8221;default&#8221; custom_padding=&#8221;||9px|||&#8221; global_colors_info=&#8221;{}&#8221;][et_pb_column_inner type=&#8221;1_2&#8243; saved_specialty_column_type=&#8221;1_2&#8243; _builder_version=&#8221;4.21.0&#8243; _module_preset=&#8221;default&#8221; global_colors_info=&#8221;{}&#8221;][et_pb_text _builder_version=&#8221;4.23.1&#8243; _module_preset=&#8221;default&#8221; text_text_color=&#8221;#000000&#8243; text_line_height=&#8221;1.5em&#8221; custom_margin=&#8221;||2px|||&#8221; inline_fonts=&#8221;Montserrat&#8221; global_colors_info=&#8221;{}&#8221;]<\/p>\n<p><span style=\"font-family: Montserrat; font-weight: normal; font-size: medium;\"><strong>SIDERAL<\/strong><\/span><br \/><span style=\"font-family: Montserrat; font-weight: normal; font-size: small;\">2021, 15min, Fic\u00e7\u00e3o (drama, fic\u00e7\u00e3o cient\u00edfica), Brasil<\/span><\/p>\n<p><span style=\"font-family: Montserrat; font-weight: normal; font-size: small;\"><strong>Classifica\u00e7\u00e3o indicativa:<\/strong> 12 anos<\/span><br \/><strong><br \/><span style=\"font-family: Montserrat; font-size: medium;\">DIRE\u00c7\u00c3O<\/span><\/strong><br \/><span style=\"font-family: Montserrat; font-weight: normal;\">Carlos Segundo<\/span><\/p>\n<p>[\/et_pb_text][et_pb_toggle title=&#8221;ELENCO &#8221; open_toggle_text_color=&#8221;#000000&#8243; open_toggle_background_color=&#8221;RGBA(255,255,255,0)&#8221; closed_toggle_background_color=&#8221;RGBA(255,255,255,0)&#8221; icon_color=&#8221;#000000&#8243; toggle_icon=&#8221;&#x22;||divi||400&#8243; open_icon_color=&#8221;#000000&#8243; _builder_version=&#8221;4.23.1&#8243; _module_preset=&#8221;default&#8221; title_text_color=&#8221;#000000&#8243; title_level=&#8221;h6&#8243; title_font=&#8221;Montserrat|800|||||||&#8221; title_text_align=&#8221;left&#8221; title_font_size=&#8221;15px&#8221; closed_title_font=&#8221;Montserrat||||||||&#8221; closed_title_line_height=&#8221;1.5em&#8221; body_font=&#8221;Montserrat||||||||&#8221; body_text_color=&#8221;#000000&#8243; body_font_size=&#8221;12px&#8221; body_line_height=&#8221;1.4em&#8221; module_alignment=&#8221;left&#8221; custom_margin=&#8221;||-1px|-17px|false|false&#8221; custom_padding=&#8221;||3px|||&#8221; border_style_all=&#8221;none&#8221; global_colors_info=&#8221;{}&#8221;]<\/p>\n<p>Priscilla Vilela<br \/>Enio Cavalcante<br \/>Fernanda Cunha<br \/>Matheus Brito<br \/>George Holanda<br \/>Mateus Cardoso<br \/>Robson Medeiros<br \/>Henrique Fontes<br \/>Ednaldo Martins<\/p>\n<p>[\/et_pb_toggle][et_pb_toggle title=&#8221;SINOPSE&#8221; open_toggle_text_color=&#8221;#000000&#8243; open_toggle_background_color=&#8221;RGBA(255,255,255,0)&#8221; closed_toggle_background_color=&#8221;RGBA(255,255,255,0)&#8221; icon_color=&#8221;#000000&#8243; toggle_icon=&#8221;&#x22;||divi||400&#8243; open_icon_color=&#8221;#000000&#8243; _builder_version=&#8221;4.24.2&#8243; _module_preset=&#8221;default&#8221; title_text_color=&#8221;#000000&#8243; title_level=&#8221;h6&#8243; title_font=&#8221;Montserrat|800|||||||&#8221; title_text_align=&#8221;left&#8221; title_font_size=&#8221;15px&#8221; closed_title_font=&#8221;Montserrat||||||||&#8221; closed_title_line_height=&#8221;1.5em&#8221; body_font=&#8221;Montserrat||||||||&#8221; body_text_color=&#8221;#000000&#8243; body_font_size=&#8221;12px&#8221; body_line_height=&#8221;1.4em&#8221; module_alignment=&#8221;left&#8221; custom_margin=&#8221;||-1px|-17px|false|false&#8221; custom_padding=&#8221;8px||7px|||&#8221; border_style_all=&#8221;none&#8221; global_colors_info=&#8221;{}&#8221;]Na Base A\u00e9rea de Natal, o Brasil se prepara para lan\u00e7ar o primeiro foguete tripulado para o espa\u00e7o. Este dia hist\u00f3rico afeta a vida de Marcela, Marcos e seus dois filhos. Ela \u00e9 faxineira e ele, mec\u00e2nico, mas ela sonha com outros horizontes&#8230;[\/et_pb_toggle][et_pb_toggle title=&#8221;FESTIVAIS E PR\u00caMIOS&#8221; open_toggle_text_color=&#8221;#000000&#8243; closed_toggle_background_color=&#8221;#FFFFFF&#8221; icon_color=&#8221;#000000&#8243; toggle_icon=&#8221;&#x22;||divi||400&#8243; open_icon_color=&#8221;#000000&#8243; _builder_version=&#8221;4.27.4&#8243; _module_preset=&#8221;default&#8221; title_text_color=&#8221;#000000&#8243; title_level=&#8221;h6&#8243; title_font=&#8221;|800|||||||&#8221; title_text_align=&#8221;left&#8221; title_font_size=&#8221;16px&#8221; title_line_height=&#8221;1.2em&#8221; body_font=&#8221;Montserrat||||||||&#8221; body_text_color=&#8221;#000000&#8243; body_font_size=&#8221;12px&#8221; body_line_height=&#8221;1.5em&#8221; custom_margin=&#8221;||-1px|-17px|false|false&#8221; custom_padding=&#8221;7px|||||&#8221; border_style_all=&#8221;none&#8221; inline_fonts=&#8221;Montserrat&#8221; global_colors_info=&#8221;{}&#8221;]\u25c9 74\u00ba Festival de Cannes indica\u00e7\u00e3o Palma de Ouro &#8211; Curta-Metragem<br \/>\n\u25c9 48\u00ba Telluride Film Festival<br \/>\n\u25c9 36\u00ba Festival de Internacional de Cine en Guadalajara<br \/>\n\u25c9 26\u00ba Hamptons Film Festival<br \/>\n\u25c9 14\u00ba FEFFS &#8211; Festival Europ\u00e9en du Film Fantastique de Strasbourg<br \/>\n\u25c9 57\u00ba Chicago International Film Festival: Gold Hugo &#8211; Best Live Action Short Film<br \/>\n\u25c9 38\u00ba Tehran International Short Film Festival<br \/>\n\u25c9 03\u00ba Festival Format Court: Melhor Roteiro; Men\u00e7\u00e3o Especial &#8211; J\u00fari Jovem<br \/>\n\u25c9 31\u00ba Curta Cinema &#8211; Festival Internacional de Curtas do Rio de Janeiro: Pr\u00eamio Canal Brasil<br \/>\n\u25c9 17\u00ba Panorama Internacional Coisa de Cinema: Melhor Curta-Metragem &#8211; Pr\u00eamio Festival IndieLisboa; Men\u00e7\u00e3o Honrosa &#8211; Competitiva Nacional &#8211; Curtas<br \/>\n\u25c9 16\u00ba Fest Aruanda do Audiovisual Brasileiro | Mostra Nacional de Curtas-Metragens: Melhor Roteiro; Melhor Desenho de Som; Melhor Ator &#8211; \u00canio Cavalcanti; Melhor Curta-Metragem<br \/>\n\u25c9 31\u00ba Cine Cear\u00e1 &#8211; Festival Ibero-americano de Cinema: Melhor Roteiro &#8211; Mostra Competitiva Brasileira de Curta-Metragem; Trof\u00e9u Sambur\u00e1 &#8211; Melhor Curta-Metragem<br \/>\n\u25c9 08\u00aa Mostra de Cinema de Gostoso: Melhor Curta-Metragem &#8211; Trof\u00e9u Imprensa;<br \/>\n\u25c9 25\u00ba POFF Shorts<br \/>\n\u25c9 39\u00b0 Festival Tous Courts<br \/>\n\u25c9 35\u00ba LIFF &#8211; Leeds International Film Festival<br \/>\n\u25c9 05\u00ba Malatesta Short: Melhor Fic\u00e7\u00e3o<br \/>\n\u25c9 19\u00ba Bogoshorts &#8211; Festival de Cortos de Bogot\u00e1: Melhor Curta Conexi\u00f3n &#8211; Mostra Conexi\u00f3n<br \/>\n\u25c9 22\u00ba Izmir International Short Film Festival<br \/>\n\u25c9 03\u00aa Mostra Internacional de Cinema de S\u00e3o Lu\u00eds<br \/>\n\u25c9 23\u00ba Festival Kinoarte de Cinema: Melhor Filme &#8211; Competitiva Nacional<br \/>\n\u25c9 26\u00ba Capri, Hollywood &#8211; The International Film Festival: Melhor Filme &#8211; Capri Special Contest 2021 &#8211; Working Authors<br \/>\n\u25c9 44\u00ba Festival du Court M\u00e9trage de Clermont-Ferrand: Pr\u00eamio de Aquisi\u00e7\u00e3o Canal+<br \/>\n\u25c9 34\u00ba Cinelatino &#8211; Rencontres de Toulouse<br \/>\n\u25c9 19\u00ba IndieLisboa<br \/>\n\u25c9 06\u00ba Winter Apricots &#8211; Prilep International Film Festival<br \/>\n\u25c9 17\u00ba Pragueshorts Film Festival<br \/>\n\u25c9 03\u00aa Mostra Quimerama &#8211; Mostra de Cinema Independente de Fic\u00e7\u00e3o Cient\u00edfica, Fantasia e Horror<br \/>\n\u25c9 04\u00ba Festival Olhar do Norte<br \/>\n\u25c9 15\u00ba Curta Taquary &#8211; Mostra Brasil: Melhor Som &#8211; Miguel Sampaio, Antoine Bertucci e Vincent Arnardi; Melhor Dire\u00e7\u00e3o de Arte; Melhor Ator &#8211; Enio Cavalcante; Melhor Roteiro<br \/>\n\u25c9 46\u00ba HKIFF &#8211; Hong Kong;<br \/>\nInternational Film Festival: Men\u00e7\u00e3o Especial<br \/>\n\u25c9 26\u00ba Regard &#8211; Saguenay International Short Film Festival<br \/>\n\u25c9 01\u00ba Fest Curta Mossor\u00f3: Filme Homenageado<br \/>\n\u25c9 01\u00aa Mostra Apneia de Artes Integradas<br \/>\n\u25c9 31\u00ba Florida Film Festival;<br \/>\n\u25c9 02\u00ba Paris In Love Film Festival: Melhor Roteiro<br \/>\n\u25c9 03\u00ba Tsiolkovsky International Space Film Festival<br \/>\n\u25c9 16\u00ba ISIFF &#8211; International Short and Independent Film Festival<br \/>\n\u25c9 01\u00ba Cine das Almas &#8211; Festival de Cinema de Itabaiana | Mostra Cunhe (nacionais): Melhor Filme de Fic\u00e7\u00e3o; Melhor Roteiro de Fic\u00e7\u00e3o; Melhor Montagem; Melhor Som; Melhor Atriz &#8211; Priscilla Vilela;<br \/>\n\u25c9 18\u00ba Akbank Short Film Festival<br \/>\n\u25c9 16\u00ba Flatpack Festival<br \/>\n\u25c9 18\u00ba Fantaspoa &#8211; Festival Internacional de Cinema Fant\u00e1stico de Porto Alegre<br \/>\n\u25c9 06\u00ba BSFF &#8211; Bucharest Short Film Festival<br \/>\n\u25c9 45\u00ba Norwegian Short Film Festival<br \/>\n\u25c9 12\u00ba LANAFF &#8211; Latino &#038; Native American Film Festival<br \/>\n\u25c9 02\u00ba MIC HUEYO &#8211; Hueyotlipan International Film Festival<br \/>\n\u25c9 25\u00ba Brooklyn Film Festival<br \/>\n\u25c9 10\u00ba La Guarimba International Film Festival<br \/>\n\u25c9 28\u00ba Palm Springs International ShortFest: Melhor Curta Internacional<br \/>\n\u25c9 06\u00ba Transilvania Shorts &#8211; International Short Film Festival<br \/>\n\u25c9 21\u00aa Goi\u00e2nia Mostra Curtas;<br \/>\n\u25c9 07\u00ba FICQ &#8211; Festival Internacional de Cine de Quito;<br \/>\n\u25c9 08\u00ba Minikino Film Week &#8211; Bali International Short Film Festival<br \/>\n\u25c9 48\u00ba FILMETS Badalona Film Festival<br \/>\n\u25c9 12\u00ba Philosophical Film Festival;<br \/>\n\u25c9 02\u00ba MUFF &#8211; Mieres Under-60&#8242; Film Festival<br \/>\n\u25c9 27\u00ba Festival du film de Contis;<br \/>\n\u25c9 09\u00ba Torino Underground Cinefest<br \/>\n\u25c9 03\u00ba Kosice International Film Festival<br \/>\n\u25c9 05\u00ba Filmfest Sundsvall;<br \/>\n\u25c9 09\u00ba Festival de Finos Filmes;<br \/>\nCIFF &#8211; Cinemaking International Film Festival;<br \/>\n\u25c9 01\u00ba FIAIB &#8211; Festival Ibero-Americano de Artes Integradas<br \/>\n\u25c9 12\u00ba Postira Seaside Film Festival<br \/>\n\u25c9 01\u00ba Festival de Cinema de Arapiraca: Melhor Roteiro &#8211; Mostra Brasil<br \/>\nFestival du film court en plein air de Grenoble<br \/>\n\u25c9 24\u00ba 24fps International Short Film Festival<br \/>\n\u25c9 53\u00ba Nashville Film Festival<br \/>\n\u25c9 18\u00ba HollyShorts Film Festival<br \/>\n\u25c9 33\u00ba Curta Kinoforum &#8211; Festival Internacional de Curtas-Metragens de S\u00e3o Paulo<br \/>\n\u25c9 10\u00ba Frapa &#8211; Festival de Roteiro Audiovisual de Porto Alegre<br \/>\n\u25c9 09\u00ba Festival de Cinema de Caruaru: Melhor Filme &#8211; Mostra Brasil Curta-Metragem; Melhor Filme &#8211; J\u00fari Jovem &#8211; Mostra Brasil Curta-Metragem<br \/>\n\u25c9 01\u00ba Sinistro Fest &#8211; Festival Internacional de Cinema Fant\u00e1stico do Cear\u00e1: Melhor Filme Norte\/Nordeste<br \/>\n\u25c9 29\u00ba Festival de Cinema de Vit\u00f3ria: Trof\u00e9u Vit\u00f3ria de Melhor Filme (J\u00fari T\u00e9cnico)<br \/>\n\u25c9 08\u00ba Cisterna Film Festival: Men\u00e7\u00e3o Honrosa<br \/>\n\u25c9 40\u00ba Flickers&#8217; Rhode Island International Film Festival<br \/>\n\u25c9 26\u00ba LA Shorts International Film Festival: Melhor Drama<br \/>\n\u25c9 05\u00aa Mostra Sesc de Cinema<br \/>\n\u25c9 21\u00ba DokuFest &#8211; International Documentary and Short Film Festival<br \/>\n\u25c9 06\u00ba Drim Short Film Festival;<br \/>\n\u25c9 45\u00ba Festival Guarnic\u00ea de Cinema: Melhor Ator &#8211; Enio Cavalcante<br \/>\n\u25c9 12\u00ba Norwich Film Festival: Melhor Filme Internacional<br \/>\n\u25c9 12\u00ba Aesthetica Film Festival<br \/>\n\u25c9 06\u00ba Black Sea Film Festival<br \/>\n\u25c9 14\u00ba Seoul Yeongdeungpo International Extreme-Short Image &#038; Film Festival<br \/>\n\u25c9 12\u00ba Circuito Penedo de Cinema &#8211; 15\u00ba Festival do Cinema Brasileiro<br \/>\n\u25c9 09\u00ba International Usak Short Film Festival<br \/>\n\u25c9 05\u00ba Curta Caic\u00f3: Melhor Filme &#8211; Mostra Potiguar; Melhor Fotografia &#8211; Mostra Potiguar Melhor Som &#8211; Miguel Sampaio, J\u00e9r\u00f4me Rossi, Antoine Bertucci, Vincent Arnardi &#8211; Mostra Potiguar; Pr\u00eamio da Cr\u00edtica &#8211; Mostra Potiguar; Pr\u00eamio Tarrafa de Distribui\u00e7\u00e3o Audiovisual &#8211; Mostra Potiguar; Pr\u00eamio M\u00edstika de P\u00f3s-Produ\u00e7\u00e3o &#8211; Mostra Potiguar;<br \/>\n\u25c9 08\u00ba FDCCJ &#8211; Festival Digital Curta Campos do Jord\u00e3o;<br \/>\n\u25c9 14\u00ba Lobo Fest &#8211; Festival Internacional de Filmes;<br \/>\n\u25c9 05\u00ba Dakar Court &#8211; Dakar International Short Film Festival<br \/>\n\u25c9 27\u00ba Caminhos Film Festival<br \/>\n\u25c9 21\u00ba International Short Film Festival Cine a la Calle<br \/>\n\u25c9 5\u00ba FantasN\u00f3ia<br \/>\n\u25c9 11\u00ba Shorts Not Pants<br \/>\n\u25c9 10\u00ba Hendaia Film Festival: Prix Eduardo Manet;<br \/>\n\u25c9 20\u00ba Curta Santos<br \/>\n\u25c9 17\u00ba Comunicurtas &#8211; Festival Audiovisual de Campina Grande: Melhor Filme; Melhor Roteiro<br \/>\n\u25c9 08\u00aa Mostra Curta Vazantes: Melhor Roteiro<br \/>\n\u25c9 07\u00ba Cine Jardim &#8211; Festival Latino-Americano de Cinema de Belo Jardim: Melhor Filme;<br \/>\n\u25c9 05\u00aa Mostra de Cinema Casa Aberta<br \/>\nHackTown (Cardume)[\/et_pb_toggle][et_pb_toggle title=&#8221;FICHA T\u00c9CNICA&#8221; open_toggle_text_color=&#8221;#000000&#8243; closed_toggle_background_color=&#8221;#FFFFFF&#8221; icon_color=&#8221;#000000&#8243; toggle_icon=&#8221;&#x22;||divi||400&#8243; open_icon_color=&#8221;#000000&#8243; _builder_version=&#8221;4.23.1&#8243; _module_preset=&#8221;default&#8221; title_text_color=&#8221;#000000&#8243; title_level=&#8221;h6&#8243; title_font=&#8221;Montserrat|800|||||||&#8221; title_text_align=&#8221;left&#8221; title_font_size=&#8221;16px&#8221; body_font=&#8221;Montserrat||||||||&#8221; body_font_size=&#8221;12px&#8221; body_line_height=&#8221;1.5em&#8221; custom_margin=&#8221;-15px|||-16px|false|false&#8221; custom_padding=&#8221;8px|||||&#8221; border_style_all=&#8221;none&#8221; inline_fonts=&#8221;Montserrat&#8221; global_colors_info=&#8221;{}&#8221;]<\/p>\n<p><span style=\"color: #000000;\"><strong>Empresas Produtoras:<\/strong> Casa da Praia Filmes; O Sopro do Tempo; Les Valseurs (coprodu\u00e7\u00e3o \/ distribui\u00e7\u00e3o)<\/span><br \/><span style=\"color: #000000;\"><strong><\/strong><\/span><\/p>\n<p><span style=\"color: #000000;\"><strong>Dire\u00e7\u00e3o e Roteiro:<\/strong> Carlos Segundo<\/span><br \/><span style=\"color: #000000;\">Produzido por: Mariana Hardi; Pedro Fiuza; Damien Megherbi; Justin Pechberty<\/span><br \/><span style=\"color: #000000;\"><strong><\/strong><\/span><\/p>\n<p><span style=\"color: #000000;\"><strong>Produ\u00e7\u00e3o Executiva &#8211; Brasil:<\/strong> Mariana Hardi<\/span><br \/><span style=\"color: #000000;\"><strong><\/strong><\/span><\/p>\n<p><span style=\"color: #000000;\"><strong>Dire\u00e7\u00e3o de Fotografia:<\/strong> Carlos Segundo; Julio Schwantz<\/span><br \/><span style=\"color: #000000;\"><strong><\/strong><\/span><\/p>\n<p><span style=\"color: #000000;\"><strong>Dire\u00e7\u00e3o de Arte:<\/strong> Ana Paola Ottoni<\/span><br \/><span style=\"color: #000000;\"><strong><\/strong><\/span><\/p>\n<p><span style=\"color: #000000;\"><strong>Figurino:<\/strong> Ros\u00e2ngela Dantas<\/span><br \/><span style=\"color: #000000;\"><strong><\/strong><\/span><\/p>\n<p><span style=\"color: #000000;\"><strong>Montagem:<\/strong> Carlos Segundo; J\u00e9r\u00f4me Br\u00e9au<\/span><br \/><span style=\"color: #000000;\"><strong><\/strong><\/span><\/p>\n<p><span style=\"color: #000000;\"><strong>Dire\u00e7\u00e3o de Produ\u00e7\u00e3o:<\/strong> Mariana Hardi<\/span><br \/><span style=\"color: #000000;\"><strong><\/strong><\/span><\/p>\n<p><span style=\"color: #000000;\"><strong>1\u00aa Assist\u00eancia De Dire\u00e7\u00e3o:<\/strong> Pedro Fiuza<\/span><br \/><span style=\"color: #000000;\"><strong><\/strong><\/span><\/p>\n<p><span style=\"color: #000000;\"><strong>2\u00aa Assist\u00eancia De Dire\u00e7\u00e3o:<\/strong> Luiza Oest<\/span><br \/><span style=\"color: #000000;\"><strong><\/strong><\/span><\/p>\n<p><span style=\"color: #000000;\"><strong>Assist\u00eancia de Produ\u00e7\u00e3o:<\/strong> Mateus Cardoso<\/span><br \/><span style=\"color: #000000;\"><strong><\/strong><\/span><\/p>\n<p><span style=\"color: #000000;\"><strong>Assist\u00eancia de Fotografia:<\/strong> Julia Donati<\/span><br \/><span style=\"color: #000000;\"><strong><\/strong><\/span><\/p>\n<p><span style=\"color: #000000;\"><strong>Assist\u00eancia de Arte:<\/strong> Daniel Torres; Vit\u00f3ria Ventura<\/span><\/p>\n<p>[\/et_pb_toggle][\/et_pb_column_inner][et_pb_column_inner type=&#8221;1_2&#8243; saved_specialty_column_type=&#8221;1_2&#8243; _builder_version=&#8221;4.21.0&#8243; _module_preset=&#8221;default&#8221; global_colors_info=&#8221;{}&#8221;][et_pb_image src=&#8221;https:\/\/casadapraiafilmes.com.br\/wp-content\/uploads\/2024\/06\/sideral.jpg&#8221; title_text=&#8221;sideral&#8221; _builder_version=&#8221;4.24.2&#8243; _module_preset=&#8221;default&#8221; width=&#8221;80%&#8221; max_width=&#8221;100%&#8221; global_colors_info=&#8221;{}&#8221;][\/et_pb_image][et_pb_text _builder_version=&#8221;4.24.2&#8243; _module_preset=&#8221;default&#8221; text_text_color=&#8221;#000000&#8243; text_line_height=&#8221;1.5em&#8221; custom_margin=&#8221;||16px|||&#8221; inline_fonts=&#8221;Montserrat&#8221; global_colors_info=&#8221;{}&#8221;]<\/p>\n<p><span style=\"font-family: Montserrat; font-weight: normal; font-size: medium;\"><strong>ASSISTA:<\/strong><\/span><\/p>\n<p>[\/et_pb_text][dsm_button button_one_text=&#8221;Teaser&#8221; button_one_url=&#8221;https:\/\/youtu.be\/HloGleAJbIc&#8221; button_one_video_popup=&#8221;on&#8221; button_alignment=&#8221;left&#8221; _builder_version=&#8221;4.24.2&#8243; _module_preset=&#8221;default&#8221; custom_button_one=&#8221;on&#8221; button_one_text_size=&#8221;16px&#8221; button_one_text_color=&#8221;#4f4f4f&#8221; button_one_bg_color=&#8221;RGBA(255,255,255,0)&#8221; button_one_border_width=&#8221;0px&#8221; button_one_border_color=&#8221;RGBA(255,255,255,0)&#8221; button_one_icon=&#8221;&#x3d;||divi||400&#8243; custom_margin=&#8221;-18px||-15px||false|false&#8221; custom_padding=&#8221;0px|||||&#8221; hover_enabled=&#8221;0&#8243; global_colors_info=&#8221;{}&#8221; sticky_enabled=&#8221;0&#8243;][\/dsm_button][dsm_button button_one_text=&#8221;Globoplay&#8221; button_one_url=&#8221;https:\/\/globoplay.globo.com\/sideral\/t\/dDnpYn6Wq1\/&#8221; button_alignment=&#8221;left&#8221; _builder_version=&#8221;4.27.4&#8243; _module_preset=&#8221;default&#8221; custom_button_one=&#8221;on&#8221; button_one_text_size=&#8221;16px&#8221; button_one_text_color=&#8221;#4f4f4f&#8221; button_one_bg_color=&#8221;RGBA(255,255,255,0)&#8221; button_one_border_width=&#8221;0px&#8221; button_one_border_color=&#8221;RGBA(255,255,255,0)&#8221; button_one_icon=&#8221;&#x3d;||divi||400&#8243; custom_margin=&#8221;||0px|||&#8221; custom_padding=&#8221;7px|||||&#8221; hover_enabled=&#8221;0&#8243; global_colors_info=&#8221;{}&#8221; button_one_url_new_window=&#8221;on&#8221; sticky_enabled=&#8221;0&#8243;][\/dsm_button][dsm_button button_one_text=&#8221;Ita\u00fa Cultural Play&#8221; button_one_url=&#8221;https:\/\/assista.itauculturalplay.com.br\/ItemDetail\/635a9bab7b892991e6402d50\/68682e21737daee29802aec2&#8243; button_alignment=&#8221;left&#8221; _builder_version=&#8221;4.27.4&#8243; _module_preset=&#8221;default&#8221; custom_button_one=&#8221;on&#8221; button_one_text_size=&#8221;16px&#8221; button_one_text_color=&#8221;#4f4f4f&#8221; button_one_bg_color=&#8221;RGBA(255,255,255,0)&#8221; button_one_border_width=&#8221;0px&#8221; button_one_border_color=&#8221;RGBA(255,255,255,0)&#8221; button_one_icon=&#8221;&#x3d;||divi||400&#8243; custom_margin=&#8221;-9px||0px|||&#8221; custom_padding=&#8221;0px|||||&#8221; hover_enabled=&#8221;0&#8243; global_colors_info=&#8221;{}&#8221; button_one_url_new_window=&#8221;on&#8221; sticky_enabled=&#8221;0&#8243;][\/dsm_button][et_pb_image src=&#8221;https:\/\/casadapraiafilmes.com.br\/wp-content\/uploads\/2023\/06\/imdb-1.svg&#8221; title_text=&#8221;imdb&#8221; url=&#8221;https:\/\/www.imdb.com\/title\/tt14875862&#8243; url_new_window=&#8221;on&#8221; _builder_version=&#8221;4.24.2&#8243; _module_preset=&#8221;default&#8221; width=&#8221;15%&#8221; custom_margin=&#8221;||3px|16px|false|false&#8221; custom_padding=&#8221;3px||0px|||&#8221; global_colors_info=&#8221;{}&#8221;][\/et_pb_image][et_pb_image src=&#8221;https:\/\/casadapraiafilmes.com.br\/wp-content\/uploads\/2023\/06\/letterbox.svg&#8221; title_text=&#8221;letterbox&#8221; url=&#8221;https:\/\/letterboxd.com\/film\/sidereal&#8221; url_new_window=&#8221;on&#8221; _builder_version=&#8221;4.24.2&#8243; _module_preset=&#8221;default&#8221; width=&#8221;10%&#8221; custom_margin=&#8221;1px|||19px|false|false&#8221; custom_padding=&#8221;1px||0px|||&#8221; global_colors_info=&#8221;{}&#8221;][\/et_pb_image][\/et_pb_column_inner][\/et_pb_row_inner][\/et_pb_column][\/et_pb_section]<\/p>\n","protected":false},"excerpt":{"rendered":"<p><div class=\"et_pb_module dsm_perspective_image dsm_perspective_image_0\">\n\t\t\t\t\n\t\t\t\t\n\t\t\t\t\n\t\t\t\t\n\t\t\t\t\n\t\t\t\t\n\t\t\t\t<div class=\"et_pb_module_inner\">\n\t\t\t\t\t<div class=\"dsm-perspective-image-wrapper et_always_center_on_mobile\">\n\t\t\t\t\n\t\t\t\t\n\t\t\t\t<a href=\"https:\/\/casadapraiafilmes.com.br\/wp-content\/uploads\/2024\/07\/SIDERAL_poster_Web_HD_credit_Florent_Andrea_Jarroir-1-scaled.jpg\" class=\"et_pb_lightbox_image dsm-image-lightbox\" title=\"SIDERAL_poster_Web_HD_credit_Florent_Andre\u0301a_Jarroir\" alt=\"\" data-mfp-src=\"https:\/\/casadapraiafilmes.com.br\/wp-content\/uploads\/2024\/07\/SIDERAL_poster_Web_HD_credit_Florent_Andrea_Jarroir-1-scaled.jpg\" data-dsm-lightbox-id=\"dsm_perspective_image_0\"><span class=\"et_pb_image_wrap \"><img decoding=\"async\" src=\"https:\/\/casadapraiafilmes.com.br\/wp-content\/uploads\/2024\/07\/SIDERAL_poster_Web_HD_credit_Florent_Andrea_Jarroir-1-scaled.jpg\" alt=\"\" title=\"SIDERAL_poster_Web_HD_credit_Florent_Andre\u0301a_Jarroir\" \/><\/span><\/a>\n\t\t\t<\/div>\n\t\t\t\t<\/div>\n\t\t\t<\/div>SIDERAL2021, 15min, Fic\u00e7\u00e3o (drama, fic\u00e7\u00e3o cient\u00edfica), Brasil Classifica\u00e7\u00e3o indicativa: 12 anosDIRE\u00c7\u00c3OCarlos SegundoPriscilla VilelaEnio CavalcanteFernanda CunhaMatheus BritoGeorge HolandaMateus CardosoRobson MedeirosHenrique FontesEdnaldo MartinsNa Base A\u00e9rea de Natal, o Brasil se prepara para lan\u00e7ar o primeiro foguete tripulado para o espa\u00e7o. Este dia hist\u00f3rico afeta a vida de Marcela, Marcos e seus [&hellip;]<\/p>\n","protected":false},"author":1,"featured_media":0,"parent":0,"menu_order":0,"comment_status":"closed","ping_status":"closed","template":"","meta":{"_et_pb_use_builder":"on","_et_pb_old_content":"<!-- wp:paragraph -->\r\n<p>Esta \u00e9 uma p\u00e1gina de exemplo. \u00c9 diferente de um post no blog porque ela permanecer\u00e1 em um lugar e aparecer\u00e1 na navega\u00e7\u00e3o do seu site na maioria dos temas. Muitas pessoas come\u00e7am com uma p\u00e1gina que as apresenta a poss\u00edveis visitantes do site. Ela pode dizer algo assim:<\/p>\r\n<!-- \/wp:paragraph -->\r\n\r\n<!-- wp:quote -->\r\n<blockquote class=\"wp-block-quote\">\r\n<p>Ol\u00e1! Eu sou um mensageiro de bicicleta durante o dia, ator aspirante \u00e0 noite, e este \u00e9 o meu site. Eu moro em S\u00e3o Paulo, tenho um grande cachorro chamado Rex e gosto de tomar caipirinha (e banhos de chuva).<\/p>\r\n<\/blockquote>\r\n<!-- \/wp:quote -->\r\n\r\n<!-- wp:paragraph -->\r\n<p>...ou alguma coisa assim:<\/p>\r\n<!-- \/wp:paragraph -->\r\n\r\n<!-- wp:quote -->\r\n<blockquote class=\"wp-block-quote\">\r\n<p>A Companhia de Miniaturas XYZ foi fundada em 1971, e desde ent\u00e3o tem fornecido miniaturas de qualidade ao p\u00fablico. Localizada na cidade de Itu, a XYZ emprega mais de 2.000 pessoas e faz coisas grandiosas para a comunidade da cidade.<\/p>\r\n<\/blockquote>\r\n<!-- \/wp:quote -->\r\n\r\n<!-- wp:paragraph -->\r\n<p>Como um novo usu\u00e1rio do WordPress, voc\u00ea deveria ir ao <a href=\"https:\/\/casadapraiafilmes.com.br\/wp-admin\/\">painel<\/a> para excluir essa p\u00e1gina e criar novas p\u00e1ginas para o seu conte\u00fado. Divirta-se!<\/p>\r\n<!-- \/wp:paragraph -->","_et_gb_content_width":"","inline_featured_image":false,"footnotes":""},"class_list":["post-740","page","type-page","status-publish","hentry"],"_links":{"self":[{"href":"https:\/\/casadapraiafilmes.com.br\/index.php?rest_route=\/wp\/v2\/pages\/740","targetHints":{"allow":["GET"]}}],"collection":[{"href":"https:\/\/casadapraiafilmes.com.br\/index.php?rest_route=\/wp\/v2\/pages"}],"about":[{"href":"https:\/\/casadapraiafilmes.com.br\/index.php?rest_route=\/wp\/v2\/types\/page"}],"author":[{"embeddable":true,"href":"https:\/\/casadapraiafilmes.com.br\/index.php?rest_route=\/wp\/v2\/users\/1"}],"replies":[{"embeddable":true,"href":"https:\/\/casadapraiafilmes.com.br\/index.php?rest_route=%2Fwp%2Fv2%2Fcomments&post=740"}],"version-history":[{"count":3,"href":"https:\/\/casadapraiafilmes.com.br\/index.php?rest_route=\/wp\/v2\/pages\/740\/revisions"}],"predecessor-version":[{"id":4091,"href":"https:\/\/casadapraiafilmes.com.br\/index.php?rest_route=\/wp\/v2\/pages\/740\/revisions\/4091"}],"wp:attachment":[{"href":"https:\/\/casadapraiafilmes.com.br\/index.php?rest_route=%2Fwp%2Fv2%2Fmedia&parent=740"}],"curies":[{"name":"wp","href":"https:\/\/api.w.org\/{rel}","templated":true}]}}